{"id":41,"date":"2023-05-05T01:30:58","date_gmt":"2023-05-05T01:30:58","guid":{"rendered":"https:\/\/electricom.harutheme.com\/mobility\/?page_id=41"},"modified":"2025-09-08T16:17:13","modified_gmt":"2025-09-08T16:17:13","slug":"chi-siamo","status":"publish","type":"page","link":"https:\/\/www.serenaplant.it\/vivaio\/chi-siamo\/","title":{"rendered":"Chi Siamo"},"content":{"rendered":"\t\t<div data-elementor-type=\"wp-page\" data-elementor-id=\"41\" class=\"elementor elementor-41\">\n\t\t\t\t<div class=\"elementor-element elementor-element-b38a77f e-flex e-con-boxed e-con e-parent\" data-id=\"b38a77f\" data-element_type=\"container\" data-settings=\"{&quot;background_background&quot;:&quot;classic&quot;}\">\n\t\t\t\t\t<div class=\"e-con-inner\">\n\t\t<div class=\"elementor-element elementor-element-6f0ce51 e-con-full e-flex e-con e-child\" data-id=\"6f0ce51\" data-element_type=\"container\">\n\t\t\t\t<div class=\"elementor-element elementor-element-c214dfb elementor-widget elementor-widget-haru-heading\" data-id=\"c214dfb\" data-element_type=\"widget\" data-widget_type=\"haru-heading.default\">\n\t\t\t\t<div class=\"elementor-widget-container\">\n\t\t\t\t\t<div class=\"background-dark\"><h2 class=\"haru-heading-title haru-heading-title--heading-2\">Chi siamo<\/h2><\/div>\t\t\t\t<\/div>\n\t\t\t\t<\/div>\n\t\t\t\t<div class=\"elementor-element elementor-element-ce4832d elementor-widget elementor-widget-haru-heading\" data-id=\"ce4832d\" data-element_type=\"widget\" data-widget_type=\"haru-heading.default\">\n\t\t\t\t<div class=\"elementor-widget-container\">\n\t\t\t\t\t<div class=\"background-dark\"><h2 class=\"haru-heading-title haru-heading-title--description-1\">Passione, Esperienza e dedizione per il Verde<\/h2><\/div>\t\t\t\t<\/div>\n\t\t\t\t<\/div>\n\t\t\t\t<\/div>\n\t\t\t\t\t<\/div>\n\t\t\t\t<\/div>\n\t\t<div class=\"elementor-element elementor-element-3d36810 e-flex e-con-boxed e-con e-parent\" data-id=\"3d36810\" data-element_type=\"container\">\n\t\t\t\t\t<div class=\"e-con-inner\">\n\t\t<div class=\"elementor-element elementor-element-15480fb e-con-full e-flex e-con e-child\" data-id=\"15480fb\" data-element_type=\"container\">\n\t\t\t\t<div class=\"elementor-element elementor-element-3b906e2 elementor-widget elementor-widget-haru-banner\" data-id=\"3b906e2\" data-element_type=\"widget\" data-widget_type=\"haru-banner.default\">\n\t\t\t\t<div class=\"elementor-widget-container\">\n\t\t\t\t\t\n                            <div class=\"haru-banner haru-banner--style-0 haru-banner--hover-scale haru-banner--shadow-yes\">\n                    \n\t\t\t\t<div class=\"haru-banner__image\">\n\t\t\t\t<img decoding=\"async\" src=\"https:\/\/www.serenaplant.it\/vivaio\/wp-content\/uploads\/2024\/10\/DSC_0130_small.jpg\" alt=\"Serena Plant\">\n\t\t\t<\/div>\n\t\n\n\n\n\n\n\n\n\n\n\n\n\n\n\n                <\/div>\n            \n            \t\t\t\t<\/div>\n\t\t\t\t<\/div>\n\t\t\t\t<\/div>\n\t\t<div class=\"elementor-element elementor-element-5592e15 e-con-full e-flex e-con e-child\" data-id=\"5592e15\" data-element_type=\"container\">\n\t\t<div class=\"elementor-element elementor-element-3e4b415 e-con-full e-flex e-con e-child\" data-id=\"3e4b415\" data-element_type=\"container\">\n\t\t\t\t<div class=\"elementor-element elementor-element-b91ddfa elementor-widget elementor-widget-haru-heading\" data-id=\"b91ddfa\" data-element_type=\"widget\" data-widget_type=\"haru-heading.default\">\n\t\t\t\t<div class=\"elementor-widget-container\">\n\t\t\t\t\t<h2 class=\"haru-heading-title haru-heading-title--sub-heading-6\">L'azienda e i nostri servizi<\/h2>\t\t\t\t<\/div>\n\t\t\t\t<\/div>\n\t\t\t\t<div class=\"elementor-element elementor-element-877eba0 elementor-widget elementor-widget-haru-heading\" data-id=\"877eba0\" data-element_type=\"widget\" data-widget_type=\"haru-heading.default\">\n\t\t\t\t<div class=\"elementor-widget-container\">\n\t\t\t\t\t<h2 class=\"haru-heading-title haru-heading-title--heading-9\">Esperienza e Qualit\u00e0 <br>per il tuo Spazio Verde<\/h2>\t\t\t\t<\/div>\n\t\t\t\t<\/div>\n\t\t\t\t<div class=\"elementor-element elementor-element-fc1c7b6 elementor-widget elementor-widget-haru-heading\" data-id=\"fc1c7b6\" data-element_type=\"widget\" data-widget_type=\"haru-heading.default\">\n\t\t\t\t<div class=\"elementor-widget-container\">\n\t\t\t\t\t<h2 class=\"haru-heading-title haru-heading-title--description-3\">L'azienda opera nel settore da oltre 30 anni, con cura e professionalit\u00e0. Siamo specializzati in produzione e vendita diretta ed all'ingrosso di piante e fiori da interno ed esterno, alberi da frutto e piante da orto. <br>\nProponiamo una vasta selezione di prodotti per la cura del verde, sementi, vasi, concimi e terricci. Il nostro personale \u00e8 a disposizione per consigli o consulenze riguardo alle vostre esigenze. <br> Potremo consigliarvi riguardo al vostro orto o giardino, in modo da avere il miglior raccolto possibile ed avere angoli fioriti in ogni stagione, o abbellire il vostro spazio verde con piante uniche e meravigliose.<\/h2>\t\t\t\t<\/div>\n\t\t\t\t<\/div>\n\t\t\t\t<\/div>\n\t\t\t\t<\/div>\n\t\t\t\t\t<\/div>\n\t\t\t\t<\/div>\n\t\t<div class=\"elementor-element elementor-element-c397f7c e-flex e-con-boxed e-con e-parent\" data-id=\"c397f7c\" data-element_type=\"container\" data-settings=\"{&quot;background_background&quot;:&quot;gradient&quot;}\">\n\t\t\t\t\t<div class=\"e-con-inner\">\n\t\t<div class=\"elementor-element elementor-element-a93a0cd e-con-full e-flex e-con e-child\" data-id=\"a93a0cd\" data-element_type=\"container\">\n\t\t\t\t<div class=\"elementor-element elementor-element-caca374 elementor-widget elementor-widget-haru-heading\" data-id=\"caca374\" data-element_type=\"widget\" data-widget_type=\"haru-heading.default\">\n\t\t\t\t<div class=\"elementor-widget-container\">\n\t\t\t\t\t<h2 class=\"haru-heading-title haru-heading-title--sub-heading-6\">VIENI A CONOSCERE LA NOSTRA SQUADRA<\/h2>\t\t\t\t<\/div>\n\t\t\t\t<\/div>\n\t\t\t\t<div class=\"elementor-element elementor-element-3bea26b elementor-widget elementor-widget-haru-heading\" data-id=\"3bea26b\" data-element_type=\"widget\" data-widget_type=\"haru-heading.default\">\n\t\t\t\t<div class=\"elementor-widget-container\">\n\t\t\t\t\t<h2 class=\"haru-heading-title haru-heading-title--heading-9\">Una squadra di professionisti al tuo servizio<\/h2>\t\t\t\t<\/div>\n\t\t\t\t<\/div>\n\t\t\t\t<div class=\"elementor-element elementor-element-0a0123f elementor-widget elementor-widget-haru-heading\" data-id=\"0a0123f\" data-element_type=\"widget\" data-widget_type=\"haru-heading.default\">\n\t\t\t\t<div class=\"elementor-widget-container\">\n\t\t\t\t\t<h2 class=\"haru-heading-title haru-heading-title--description-3\">La nostra passione per il verde si unisce all\u2019esperienza di oltre 30 anni nel settore. Siamo un team di professionisti pronti a mettere le nostre competenze a tua disposizione, offrendoti consigli personalizzati e soluzioni su misura per il tuo spazio verde. Dalla selezione delle piante alla cura del tuo giardino, siamo qui per aiutarti a far fiorire le tue idee.<\/h2>\t\t\t\t<\/div>\n\t\t\t\t<\/div>\n\t\t\t\t<\/div>\n\t\t\t\t\t<\/div>\n\t\t\t\t<\/div>\n\t\t<div class=\"elementor-element elementor-element-7eb18a0 e-flex e-con-boxed e-con e-parent\" data-id=\"7eb18a0\" data-element_type=\"container\" data-settings=\"{&quot;background_background&quot;:&quot;gradient&quot;}\">\n\t\t\t\t\t<div class=\"e-con-inner\">\n\t\t<div class=\"elementor-element elementor-element-7492786 e-con-full e-flex e-con e-child\" data-id=\"7492786\" data-element_type=\"container\">\n\t\t\t\t<div class=\"elementor-element elementor-element-908f8af elementor-widget elementor-widget-haru-team-member\" data-id=\"908f8af\" data-element_type=\"widget\" data-widget_type=\"haru-team-member.default\">\n\t\t\t\t<div class=\"elementor-widget-container\">\n\t\t\t\t\t\n                            <div class=\"haru-team-member haru-team-member--slick\">\n                          <div class=\"haru-team-member__list haru-slick haru-slick--nav-opacity haru-slick--nav-center haru-slick--dots-round\" data-slick='{\"slidesToShow\" : 3, \"slidesToScroll\" : 1, \"arrows\" : true, \"infinite\" : false, \"centerMode\" : false, \"focusOnSelect\" : true, \"vertical\" : false, \"dots\": false, \"autoplay\": false, \"autoplaySpeed\": 3000, \"responsive\" : [{\"breakpoint\" : 991,\"settings\" : {\"dots\": true, \"slidesToShow\" : 3, \"slidesToScroll\" : 1}}, {\"breakpoint\" : 767,\"settings\" : {\"dots\": true, \"slidesToShow\" : 1, \"slidesToScroll\" : 1}}] }'>\n                        <div class=\"haru-team-member__item-wrap\">\n                  <div class=\"haru-team-member__item\">\n            <div class=\"haru-team-member__image\">\n              <img decoding=\"async\" src=\"https:\/\/www.serenaplant.it\/vivaio\/wp-content\/uploads\/2024\/10\/carlo_alberto_small.jpg\" alt=\"Carlo Alberto\">\n                          <\/div>\n            <div class=\"haru-team-member__meta\">\n              <div class=\"haru-team-member__info\">\n                <h6 class=\"haru-team-member__title\">\n                                    Carlo Alberto                                  <\/h6>\n                <div class=\"haru-team-member__sub-title\">Titolare dell\u2019azienda, \u00e8 colui che si occupa della gestione dell\u2019ingrosso e delle consegne. Dal carattere determinato e con una grande passione per la Ducati e l\u2019Alfa Romeo.<\/div>\n              <\/div>\n            <\/div>\n\n          <\/div>\n\n                  <\/div>\n                                <div class=\"haru-team-member__item-wrap\">\n                  <div class=\"haru-team-member__item\">\n            <div class=\"haru-team-member__image\">\n              <img decoding=\"async\" src=\"https:\/\/www.serenaplant.it\/vivaio\/wp-content\/uploads\/2024\/10\/serena_small.jpg\" alt=\"Serena\">\n                          <\/div>\n            <div class=\"haru-team-member__meta\">\n              <div class=\"haru-team-member__info\">\n                <h6 class=\"haru-team-member__title\">\n                                      <a href=\"https:\/\/electricom.harutheme.com\/mobility\/blog\/are-you-ready-to-make-it-awesome-with-us\/\"  target=\"_blank\" rel=\"nofollow\">\n                                    Serena                                      <\/a>\n                                  <\/h6>\n                <div class=\"haru-team-member__sub-title\">Sar\u00e0 colei che ti accoglier\u00e0, conosce i segreti di tutte le piante e sapr\u00e0 consigliarti al meglio in ogni acquisto. Animo gentile e grande propensione per il contatto con il pubblico.<\/div>\n              <\/div>\n            <\/div>\n\n          <\/div>\n\n                  <\/div>\n                                <div class=\"haru-team-member__item-wrap\">\n                  <div class=\"haru-team-member__item\">\n            <div class=\"haru-team-member__image\">\n              <img decoding=\"async\" src=\"https:\/\/www.serenaplant.it\/vivaio\/wp-content\/uploads\/2024\/10\/sandra_small.jpg\" alt=\"Sandra\">\n                          <\/div>\n            <div class=\"haru-team-member__meta\">\n              <div class=\"haru-team-member__info\">\n                <h6 class=\"haru-team-member__title\">\n                                    Sandra                                  <\/h6>\n                <div class=\"haru-team-member__sub-title\">E&#039; colei che gestisce ed organizza tutto ci\u00f2 che riguarda le nostre produzioni, dalla semina alla vendita. Appassionata di gialli, arte e buona musica. <\/div>\n              <\/div>\n            <\/div>\n\n          <\/div>\n\n                  <\/div>\n                  <\/div>\n  \n  \n                  <\/div>\n            \n            \t\t\t\t<\/div>\n\t\t\t\t<\/div>\n\t\t\t\t<\/div>\n\t\t\t\t\t<\/div>\n\t\t\t\t<\/div>\n\t\t\t\t<\/div>\n\t\t","protected":false},"excerpt":{"rendered":"<p>Chi siamo Passione, Esperienza e dedizione per il Verde L&#8217;azienda e i nostri servizi Esperienza e Qualit\u00e0 per il tuo Spazio Verde L&#8217;azienda opera nel settore da oltre 30 anni, con cura e professionalit\u00e0. Siamo specializzati in produzione e vendita diretta ed all&#8217;ingrosso di piante e fiori da interno ed esterno, alberi da frutto e [&hellip;]<\/p>\n","protected":false},"author":1,"featured_media":0,"parent":0,"menu_order":0,"comment_status":"closed","ping_status":"closed","template":"","meta":{"footnotes":""},"class_list":["post-41","page","type-page","status-publish","hentry"],"_links":{"self":[{"href":"https:\/\/www.serenaplant.it\/vivaio\/wp-json\/wp\/v2\/pages\/41","targetHints":{"allow":["GET"]}}],"collection":[{"href":"https:\/\/www.serenaplant.it\/vivaio\/wp-json\/wp\/v2\/pages"}],"about":[{"href":"https:\/\/www.serenaplant.it\/vivaio\/wp-json\/wp\/v2\/types\/page"}],"author":[{"embeddable":true,"href":"https:\/\/www.serenaplant.it\/vivaio\/wp-json\/wp\/v2\/users\/1"}],"replies":[{"embeddable":true,"href":"https:\/\/www.serenaplant.it\/vivaio\/wp-json\/wp\/v2\/comments?post=41"}],"version-history":[{"count":50,"href":"https:\/\/www.serenaplant.it\/vivaio\/wp-json\/wp\/v2\/pages\/41\/revisions"}],"predecessor-version":[{"id":20914,"href":"https:\/\/www.serenaplant.it\/vivaio\/wp-json\/wp\/v2\/pages\/41\/revisions\/20914"}],"wp:attachment":[{"href":"https:\/\/www.serenaplant.it\/vivaio\/wp-json\/wp\/v2\/media?parent=41"}],"curies":[{"name":"wp","href":"https:\/\/api.w.org\/{rel}","templated":true}]}}